{"id":3989,"date":"2022-02-15T13:33:08","date_gmt":"2022-02-15T13:33:08","guid":{"rendered":"http:\/\/bergeriedelasouleuvre.fr\/?page_id=3989"},"modified":"2022-12-30T17:05:10","modified_gmt":"2022-12-30T17:05:10","slug":"qui-sommes-nous","status":"publish","type":"page","link":"http:\/\/bergeriedelasouleuvre.fr\/index.php\/qui-sommes-nous\/","title":{"rendered":"Qui sommes-nous ?"},"content":{"rendered":"\n<div class=\"wp-block-columns is-layout-flex wp-container-core-columns-is-layout-9d6595d7 wp-block-columns-is-layout-flex\">\n<div class=\"wp-block-column is-layout-flow wp-block-column-is-layout-flow\" style=\"flex-basis:100%\">\n<div class=\"wp-block-columns is-layout-flex wp-container-core-columns-is-layout-9d6595d7 wp-block-columns-is-layout-flex\">\n<div class=\"wp-block-column is-layout-flow wp-block-column-is-layout-flow\" style=\"flex-basis:100%\">\n<div class=\"wp-block-columns is-not-stacked-on-mobile is-layout-flex wp-container-core-columns-is-layout-9d6595d7 wp-block-columns-is-layout-flex\">\n<div class=\"wp-block-column is-layout-flow wp-block-column-is-layout-flow\"><div class=\"wp-block-image is-style-rounded\">\n<figure class=\"aligncenter size-medium is-resized\"><img loading=\"lazy\" decoding=\"async\" src=\"http:\/\/bergeriedelasouleuvre.fr\/wp-content\/uploads\/2022\/02\/DSC_1149-200x300.jpg\" alt=\"Guillaume \u00e9leveur transformateur cultivateur brebis\" class=\"wp-image-4164\" width=\"252\" height=\"378\" title=\"pr\u00e9sentation\" srcset=\"http:\/\/bergeriedelasouleuvre.fr\/wp-content\/uploads\/2022\/02\/DSC_1149-200x300.jpg 200w, http:\/\/bergeriedelasouleuvre.fr\/wp-content\/uploads\/2022\/02\/DSC_1149-683x1024.jpg 683w, http:\/\/bergeriedelasouleuvre.fr\/wp-content\/uploads\/2022\/02\/DSC_1149-768x1152.jpg 768w, http:\/\/bergeriedelasouleuvre.fr\/wp-content\/uploads\/2022\/02\/DSC_1149-1024x1536.jpg 1024w, http:\/\/bergeriedelasouleuvre.fr\/wp-content\/uploads\/2022\/02\/DSC_1149-1365x2048.jpg 1365w, http:\/\/bergeriedelasouleuvre.fr\/wp-content\/uploads\/2022\/02\/DSC_1149-40x60.jpg 40w, http:\/\/bergeriedelasouleuvre.fr\/wp-content\/uploads\/2022\/02\/DSC_1149-600x900.jpg 600w, http:\/\/bergeriedelasouleuvre.fr\/wp-content\/uploads\/2022\/02\/DSC_1149.jpg 1536w\" sizes=\"auto, (max-width: 252px) 100vw, 252px\" \/><\/figure>\n<\/div><\/div>\n\n\n\n<div class=\"wp-block-column is-vertically-aligned-center is-layout-flow wp-block-column-is-layout-flow\">\n<h1 class=\"wp-block-heading\" style=\"font-size:18px\">De formation agricole et agro alimentaire, et apr\u00e8s un avoir \u00e9t\u00e9 formateur durant 5 ann\u00e9es en techniques de productions animales,&nbsp;Guillaume est install\u00e9 sur l&rsquo;exploitation depuis 2005. Eleveur de brebis depuis l&rsquo;\u00e2ge de 15 ans, il s&rsquo;occupe des cultures, du troupeau, de la traite et de la transformation et de la <a href=\"http:\/\/bergeriedelasouleuvre.fr\/index.php\/nos-points-de-vente\/\">commercialisation des produits.<\/a><\/h1>\n<\/div>\n<\/div>\n<\/div>\n<\/div>\n<\/div>\n<\/div>\n\n\n\n<div class=\"wp-block-columns is-layout-flex wp-container-core-columns-is-layout-9d6595d7 wp-block-columns-is-layout-flex\">\n<div class=\"wp-block-column is-layout-flow wp-block-column-is-layout-flow\">\n<h2 class=\"wp-block-heading\" style=\"font-size:18px\">Apr\u00e8s avoir enseign\u00e9 en \u00e9cole primaire durant 25 ans, Solenn a abandonn\u00e9 sa classe pour travailler d\u00e9finitivement sur la Bergerie. Elle participe \u00e0 la fabrication des yaourts et des fromages lactiques. Elle g\u00e8re les <a href=\"http:\/\/bergeriedelasouleuvre.fr\/index.php\/contact\/\">commandes<\/a>, leur pr\u00e9paration et la <a href=\"http:\/\/bergeriedelasouleuvre.fr\/index.php\/nos-points-de-vente\/\">livraison<\/a>. Elle vous accueille chaque fin de semaine sur les <a href=\"http:\/\/bergeriedelasouleuvre.fr\/index.php\/sur-les-marches\/\">march\u00e9s <\/a>normands, et \u00e0 la <a href=\"http:\/\/bergeriedelasouleuvre.fr\/index.php\/vente-a-la-ferme-circuits-courts\/\">ferme<\/a> pour vous faire d\u00e9couvrir, d\u00e9guster et appr\u00e9cier les produits issus de la fabrication.<\/h2>\n<\/div>\n\n\n\n<div class=\"wp-block-column is-layout-flow wp-block-column-is-layout-flow\"><div class=\"wp-block-image is-style-rounded\">\n<figure class=\"aligncenter size-full is-resized\"><img loading=\"lazy\" decoding=\"async\" src=\"http:\/\/bergeriedelasouleuvre.fr\/wp-content\/uploads\/2022\/03\/IMG_20220302_123111-rotated-e1647160913210.jpg\" alt=\"Solenn Vautier Bergerie Souleuvre Lait Brebis\" class=\"wp-image-4402\" width=\"227\" height=\"381\" srcset=\"http:\/\/bergeriedelasouleuvre.fr\/wp-content\/uploads\/2022\/03\/IMG_20220302_123111-rotated-e1647160913210.jpg 381w, http:\/\/bergeriedelasouleuvre.fr\/wp-content\/uploads\/2022\/03\/IMG_20220302_123111-rotated-e1647160913210-179x300.jpg 179w, http:\/\/bergeriedelasouleuvre.fr\/wp-content\/uploads\/2022\/03\/IMG_20220302_123111-rotated-e1647160913210-36x60.jpg 36w\" sizes=\"auto, (max-width: 227px) 100vw, 227px\" \/><\/figure>\n<\/div><\/div>\n<\/div>\n\n\n\n<p style=\"font-size:15px\"><em>Pour nous seconder, il y a avec nous : <\/em><\/p>\n\n\n\n<ul class=\"wp-block-list\">\n<li><strong>Manon<\/strong>. Elle connait parfaitement l&rsquo;exploitation puisqu&rsquo;apr\u00e8s y avoir \u00e9t\u00e9 stagiaire dans le cadre de son BAC STAV, elle y a \u00e9t\u00e9 apprentie durant 2 ans pour valider son BTS ACSE. Depuis septembre 2022, elle est salari\u00e9e de la Bergerie.<\/li>\n\n\n\n<li><strong>Gilles<\/strong>, le papa de Guillaume. Il aide \u00e0 la traite et aux soins des animaux. Il n&rsquo;h\u00e9site jamais \u00e0 donner un petit coup de d\u00e9broussailleuse pour que les ext\u00e9rieurs restent propres.<\/li>\n\n\n\n<li><strong>Lilwenn<\/strong>, notre fille cadette. Vous pouvez la voir chaque samedi matin sur le <a href=\"http:\/\/bergeriedelasouleuvre.fr\/index.php\/sur-les-marches\/\" target=\"_blank\" rel=\"noreferrer noopener\">march\u00e9 du Boulevard Leroy<\/a> de Caen o\u00f9 elle aide Guillaume \u00e0 la vente. <\/li>\n<\/ul>\n\n\n\n<figure class=\"wp-block-embed is-type-video is-provider-youtube wp-block-embed-youtube wp-embed-aspect-16-9 wp-has-aspect-ratio\"><div class=\"wp-block-embed__wrapper\">\n<iframe loading=\"lazy\" title=\"Les coulisses de la Bergerie de la Souleuvre \ud83d\udc11\ud83c\udf43\" width=\"840\" height=\"473\" src=\"https:\/\/www.youtube.com\/embed\/HC_9zCqB2OU?feature=oembed\" frameborder=\"0\" allow=\"accelerometer; autoplay; clipboard-write; encrypted-media; gyroscope; picture-in-picture\" allowfullscreen><\/iframe>\n<\/div><\/figure>\n","protected":false},"excerpt":{"rendered":"<p>De formation agricole et agro alimentaire, et apr\u00e8s un avoir \u00e9t\u00e9 formateur durant 5 ann\u00e9es en techniques de productions animales,&nbsp;Guillaume est install\u00e9 sur l&rsquo;exploitation depuis &hellip; <\/p>\n","protected":false},"author":1,"featured_media":0,"parent":0,"menu_order":0,"comment_status":"open","ping_status":"closed","template":"","meta":{"om_disable_all_campaigns":false,"_uag_custom_page_level_css":"","_monsterinsights_skip_tracking":false,"_monsterinsights_sitenote_active":false,"_monsterinsights_sitenote_note":"","_monsterinsights_sitenote_category":0,"footnotes":""},"class_list":["post-3989","page","type-page","status-publish","hentry","latest_post"],"yoast_head":"<!-- This site is optimized with the Yoast SEO plugin v27.4 - https:\/\/yoast.com\/product\/yoast-seo-wordpress\/ -->\n<title>Qui sommes-nous ? - Bergerie de la Souleuvre<\/title>\n<meta name=\"description\" content=\"Qui sont Guillaume et Solenn VAUTIER \u00e9leveurs de brebis LACAUNE et transformateurs produits lait de brebis \u00e0 la Bergerie de la Souleuvre ?\" \/>\n<meta name=\"robots\" content=\"index, follow, max-snippet:-1, max-image-preview:large, max-video-preview:-1\" \/>\n<link rel=\"canonical\" href=\"http:\/\/bergeriedelasouleuvre.fr\/index.php\/qui-sommes-nous\/\" \/>\n<meta property=\"og:locale\" content=\"fr_FR\" \/>\n<meta property=\"og:type\" content=\"article\" \/>\n<meta property=\"og:title\" content=\"Qui sommes-nous ? - Bergerie de la Souleuvre\" \/>\n<meta property=\"og:description\" content=\"Qui sont Guillaume et Solenn VAUTIER \u00e9leveurs de brebis LACAUNE et transformateurs produits lait de brebis \u00e0 la Bergerie de la Souleuvre ?\" \/>\n<meta property=\"og:url\" content=\"http:\/\/bergeriedelasouleuvre.fr\/index.php\/qui-sommes-nous\/\" \/>\n<meta property=\"og:site_name\" content=\"Bergerie de la Souleuvre\" \/>\n<meta property=\"article:modified_time\" content=\"2022-12-30T17:05:10+00:00\" \/>\n<meta property=\"og:image\" content=\"http:\/\/bergeriedelasouleuvre.fr\/wp-content\/uploads\/2022\/02\/DSC_1149-200x300.jpg\" \/>\n<meta name=\"twitter:card\" content=\"summary_large_image\" \/>\n<meta name=\"twitter:label1\" content=\"Dur\u00e9e de lecture estim\u00e9e\" \/>\n\t<meta name=\"twitter:data1\" content=\"2 minutes\" \/>\n<script type=\"application\/ld+json\" class=\"yoast-schema-graph\">{\"@context\":\"https:\\\/\\\/schema.org\",\"@graph\":[{\"@type\":\"WebPage\",\"@id\":\"http:\\\/\\\/bergeriedelasouleuvre.fr\\\/index.php\\\/qui-sommes-nous\\\/\",\"url\":\"http:\\\/\\\/bergeriedelasouleuvre.fr\\\/index.php\\\/qui-sommes-nous\\\/\",\"name\":\"Qui sommes-nous ? - Bergerie de la Souleuvre\",\"isPartOf\":{\"@id\":\"http:\\\/\\\/bergeriedelasouleuvre.fr\\\/#website\"},\"primaryImageOfPage\":{\"@id\":\"http:\\\/\\\/bergeriedelasouleuvre.fr\\\/index.php\\\/qui-sommes-nous\\\/#primaryimage\"},\"image\":{\"@id\":\"http:\\\/\\\/bergeriedelasouleuvre.fr\\\/index.php\\\/qui-sommes-nous\\\/#primaryimage\"},\"thumbnailUrl\":\"http:\\\/\\\/bergeriedelasouleuvre.fr\\\/wp-content\\\/uploads\\\/2022\\\/02\\\/DSC_1149-200x300.jpg\",\"datePublished\":\"2022-02-15T13:33:08+00:00\",\"dateModified\":\"2022-12-30T17:05:10+00:00\",\"description\":\"Qui sont Guillaume et Solenn VAUTIER \u00e9leveurs de brebis LACAUNE et transformateurs produits lait de brebis \u00e0 la Bergerie de la Souleuvre ?\",\"breadcrumb\":{\"@id\":\"http:\\\/\\\/bergeriedelasouleuvre.fr\\\/index.php\\\/qui-sommes-nous\\\/#breadcrumb\"},\"inLanguage\":\"fr-FR\",\"potentialAction\":[{\"@type\":\"ReadAction\",\"target\":[\"http:\\\/\\\/bergeriedelasouleuvre.fr\\\/index.php\\\/qui-sommes-nous\\\/\"]}]},{\"@type\":\"ImageObject\",\"inLanguage\":\"fr-FR\",\"@id\":\"http:\\\/\\\/bergeriedelasouleuvre.fr\\\/index.php\\\/qui-sommes-nous\\\/#primaryimage\",\"url\":\"http:\\\/\\\/bergeriedelasouleuvre.fr\\\/wp-content\\\/uploads\\\/2022\\\/02\\\/DSC_1149.jpg\",\"contentUrl\":\"http:\\\/\\\/bergeriedelasouleuvre.fr\\\/wp-content\\\/uploads\\\/2022\\\/02\\\/DSC_1149.jpg\",\"width\":1536,\"height\":2304},{\"@type\":\"BreadcrumbList\",\"@id\":\"http:\\\/\\\/bergeriedelasouleuvre.fr\\\/index.php\\\/qui-sommes-nous\\\/#breadcrumb\",\"itemListElement\":[{\"@type\":\"ListItem\",\"position\":1,\"name\":\"Accueil\",\"item\":\"http:\\\/\\\/bergeriedelasouleuvre.fr\\\/\"},{\"@type\":\"ListItem\",\"position\":2,\"name\":\"Qui sommes-nous ?\"}]},{\"@type\":\"WebSite\",\"@id\":\"http:\\\/\\\/bergeriedelasouleuvre.fr\\\/#website\",\"url\":\"http:\\\/\\\/bergeriedelasouleuvre.fr\\\/\",\"name\":\"Bergerie de la Souleuvre\",\"description\":\"Produits fermiers au lait de brebis\",\"publisher\":{\"@id\":\"http:\\\/\\\/bergeriedelasouleuvre.fr\\\/#organization\"},\"potentialAction\":[{\"@type\":\"SearchAction\",\"target\":{\"@type\":\"EntryPoint\",\"urlTemplate\":\"http:\\\/\\\/bergeriedelasouleuvre.fr\\\/?s={search_term_string}\"},\"query-input\":{\"@type\":\"PropertyValueSpecification\",\"valueRequired\":true,\"valueName\":\"search_term_string\"}}],\"inLanguage\":\"fr-FR\"},{\"@type\":\"Organization\",\"@id\":\"http:\\\/\\\/bergeriedelasouleuvre.fr\\\/#organization\",\"name\":\"Bergerie de la Souleuvre\",\"url\":\"http:\\\/\\\/bergeriedelasouleuvre.fr\\\/\",\"logo\":{\"@type\":\"ImageObject\",\"inLanguage\":\"fr-FR\",\"@id\":\"http:\\\/\\\/bergeriedelasouleuvre.fr\\\/#\\\/schema\\\/logo\\\/image\\\/\",\"url\":\"http:\\\/\\\/bergeriedelasouleuvre.fr\\\/wp-content\\\/uploads\\\/2022\\\/02\\\/cropped-cropped-logoPNG.png\",\"contentUrl\":\"http:\\\/\\\/bergeriedelasouleuvre.fr\\\/wp-content\\\/uploads\\\/2022\\\/02\\\/cropped-cropped-logoPNG.png\",\"width\":512,\"height\":512,\"caption\":\"Bergerie de la Souleuvre\"},\"image\":{\"@id\":\"http:\\\/\\\/bergeriedelasouleuvre.fr\\\/#\\\/schema\\\/logo\\\/image\\\/\"}}]}<\/script>\n<!-- \/ Yoast SEO plugin. -->","yoast_head_json":{"title":"Qui sommes-nous ? - Bergerie de la Souleuvre","description":"Qui sont Guillaume et Solenn VAUTIER \u00e9leveurs de brebis LACAUNE et transformateurs produits lait de brebis \u00e0 la Bergerie de la Souleuvre ?","robots":{"index":"index","follow":"follow","max-snippet":"max-snippet:-1","max-image-preview":"max-image-preview:large","max-video-preview":"max-video-preview:-1"},"canonical":"http:\/\/bergeriedelasouleuvre.fr\/index.php\/qui-sommes-nous\/","og_locale":"fr_FR","og_type":"article","og_title":"Qui sommes-nous ? - Bergerie de la Souleuvre","og_description":"Qui sont Guillaume et Solenn VAUTIER \u00e9leveurs de brebis LACAUNE et transformateurs produits lait de brebis \u00e0 la Bergerie de la Souleuvre ?","og_url":"http:\/\/bergeriedelasouleuvre.fr\/index.php\/qui-sommes-nous\/","og_site_name":"Bergerie de la Souleuvre","article_modified_time":"2022-12-30T17:05:10+00:00","og_image":[{"url":"http:\/\/bergeriedelasouleuvre.fr\/wp-content\/uploads\/2022\/02\/DSC_1149-200x300.jpg","type":"","width":"","height":""}],"twitter_card":"summary_large_image","twitter_misc":{"Dur\u00e9e de lecture estim\u00e9e":"2 minutes"},"schema":{"@context":"https:\/\/schema.org","@graph":[{"@type":"WebPage","@id":"http:\/\/bergeriedelasouleuvre.fr\/index.php\/qui-sommes-nous\/","url":"http:\/\/bergeriedelasouleuvre.fr\/index.php\/qui-sommes-nous\/","name":"Qui sommes-nous ? - Bergerie de la Souleuvre","isPartOf":{"@id":"http:\/\/bergeriedelasouleuvre.fr\/#website"},"primaryImageOfPage":{"@id":"http:\/\/bergeriedelasouleuvre.fr\/index.php\/qui-sommes-nous\/#primaryimage"},"image":{"@id":"http:\/\/bergeriedelasouleuvre.fr\/index.php\/qui-sommes-nous\/#primaryimage"},"thumbnailUrl":"http:\/\/bergeriedelasouleuvre.fr\/wp-content\/uploads\/2022\/02\/DSC_1149-200x300.jpg","datePublished":"2022-02-15T13:33:08+00:00","dateModified":"2022-12-30T17:05:10+00:00","description":"Qui sont Guillaume et Solenn VAUTIER \u00e9leveurs de brebis LACAUNE et transformateurs produits lait de brebis \u00e0 la Bergerie de la Souleuvre ?","breadcrumb":{"@id":"http:\/\/bergeriedelasouleuvre.fr\/index.php\/qui-sommes-nous\/#breadcrumb"},"inLanguage":"fr-FR","potentialAction":[{"@type":"ReadAction","target":["http:\/\/bergeriedelasouleuvre.fr\/index.php\/qui-sommes-nous\/"]}]},{"@type":"ImageObject","inLanguage":"fr-FR","@id":"http:\/\/bergeriedelasouleuvre.fr\/index.php\/qui-sommes-nous\/#primaryimage","url":"http:\/\/bergeriedelasouleuvre.fr\/wp-content\/uploads\/2022\/02\/DSC_1149.jpg","contentUrl":"http:\/\/bergeriedelasouleuvre.fr\/wp-content\/uploads\/2022\/02\/DSC_1149.jpg","width":1536,"height":2304},{"@type":"BreadcrumbList","@id":"http:\/\/bergeriedelasouleuvre.fr\/index.php\/qui-sommes-nous\/#breadcrumb","itemListElement":[{"@type":"ListItem","position":1,"name":"Accueil","item":"http:\/\/bergeriedelasouleuvre.fr\/"},{"@type":"ListItem","position":2,"name":"Qui sommes-nous ?"}]},{"@type":"WebSite","@id":"http:\/\/bergeriedelasouleuvre.fr\/#website","url":"http:\/\/bergeriedelasouleuvre.fr\/","name":"Bergerie de la Souleuvre","description":"Produits fermiers au lait de brebis","publisher":{"@id":"http:\/\/bergeriedelasouleuvre.fr\/#organization"},"potentialAction":[{"@type":"SearchAction","target":{"@type":"EntryPoint","urlTemplate":"http:\/\/bergeriedelasouleuvre.fr\/?s={search_term_string}"},"query-input":{"@type":"PropertyValueSpecification","valueRequired":true,"valueName":"search_term_string"}}],"inLanguage":"fr-FR"},{"@type":"Organization","@id":"http:\/\/bergeriedelasouleuvre.fr\/#organization","name":"Bergerie de la Souleuvre","url":"http:\/\/bergeriedelasouleuvre.fr\/","logo":{"@type":"ImageObject","inLanguage":"fr-FR","@id":"http:\/\/bergeriedelasouleuvre.fr\/#\/schema\/logo\/image\/","url":"http:\/\/bergeriedelasouleuvre.fr\/wp-content\/uploads\/2022\/02\/cropped-cropped-logoPNG.png","contentUrl":"http:\/\/bergeriedelasouleuvre.fr\/wp-content\/uploads\/2022\/02\/cropped-cropped-logoPNG.png","width":512,"height":512,"caption":"Bergerie de la Souleuvre"},"image":{"@id":"http:\/\/bergeriedelasouleuvre.fr\/#\/schema\/logo\/image\/"}}]}},"uagb_featured_image_src":{"full":false,"thumbnail":false,"medium":false,"medium_large":false,"large":false,"1536x1536":false,"2048x2048":false,"chic-lite-schema":false,"chic-lite-slider":false,"chic-lite-slider-one":false,"chic-lite-featured-four":false,"chic-lite-blog":false,"chic-lite-latest":false,"chic-lite-blog-one":false,"chic-lite-sidebar":false,"woocommerce_thumbnail":false,"woocommerce_single":false,"woocommerce_gallery_thumbnail":false},"uagb_author_info":{"display_name":"bergeriedelasouleuvre@gmail.com","author_link":"http:\/\/bergeriedelasouleuvre.fr\/index.php\/author\/bergeriedelasouleuvregmail-com\/"},"uagb_comment_info":3,"uagb_excerpt":"De formation agricole et agro alimentaire, et apr\u00e8s un avoir \u00e9t\u00e9 formateur durant 5 ann\u00e9es en techniques de productions animales,&nbsp;Guillaume est install\u00e9 sur l&rsquo;exploitation depuis &hellip;","_links":{"self":[{"href":"http:\/\/bergeriedelasouleuvre.fr\/index.php\/wp-json\/wp\/v2\/pages\/3989","targetHints":{"allow":["GET"]}}],"collection":[{"href":"http:\/\/bergeriedelasouleuvre.fr\/index.php\/wp-json\/wp\/v2\/pages"}],"about":[{"href":"http:\/\/bergeriedelasouleuvre.fr\/index.php\/wp-json\/wp\/v2\/types\/page"}],"author":[{"embeddable":true,"href":"http:\/\/bergeriedelasouleuvre.fr\/index.php\/wp-json\/wp\/v2\/users\/1"}],"replies":[{"embeddable":true,"href":"http:\/\/bergeriedelasouleuvre.fr\/index.php\/wp-json\/wp\/v2\/comments?post=3989"}],"version-history":[{"count":18,"href":"http:\/\/bergeriedelasouleuvre.fr\/index.php\/wp-json\/wp\/v2\/pages\/3989\/revisions"}],"predecessor-version":[{"id":4554,"href":"http:\/\/bergeriedelasouleuvre.fr\/index.php\/wp-json\/wp\/v2\/pages\/3989\/revisions\/4554"}],"wp:attachment":[{"href":"http:\/\/bergeriedelasouleuvre.fr\/index.php\/wp-json\/wp\/v2\/media?parent=3989"}],"curies":[{"name":"wp","href":"https:\/\/api.w.org\/{rel}","templated":true}]}}