{"id":3610,"date":"2020-09-09T04:31:26","date_gmt":"2020-09-09T04:31:26","guid":{"rendered":"http:\/\/bergeriedelasouleuvre.fr\/index.php\/home\/"},"modified":"2023-06-25T08:43:55","modified_gmt":"2023-06-25T08:43:55","slug":"home","status":"publish","type":"page","link":"http:\/\/bergeriedelasouleuvre.fr\/","title":{"rendered":"Bienvenue \u00e0 la Bergerie de la Souleuvre"},"content":{"rendered":"\n<figure class=\"wp-block-image size-large is-style-default\"><img loading=\"lazy\" decoding=\"async\" width=\"1024\" height=\"683\" src=\"http:\/\/bergeriedelasouleuvre.fr\/wp-content\/uploads\/2022\/02\/sans-titre-6-2-1024x683.jpg\" alt=\"Avec le lait de nos brebis, nous fabriquons des yaourts et des fromages.\" class=\"wp-image-4017\" srcset=\"http:\/\/bergeriedelasouleuvre.fr\/wp-content\/uploads\/2022\/02\/sans-titre-6-2-1024x683.jpg 1024w, http:\/\/bergeriedelasouleuvre.fr\/wp-content\/uploads\/2022\/02\/sans-titre-6-2-300x200.jpg 300w, http:\/\/bergeriedelasouleuvre.fr\/wp-content\/uploads\/2022\/02\/sans-titre-6-2-768x512.jpg 768w, http:\/\/bergeriedelasouleuvre.fr\/wp-content\/uploads\/2022\/02\/sans-titre-6-2-1536x1024.jpg 1536w, http:\/\/bergeriedelasouleuvre.fr\/wp-content\/uploads\/2022\/02\/sans-titre-6-2-2048x1365.jpg 2048w, http:\/\/bergeriedelasouleuvre.fr\/wp-content\/uploads\/2022\/02\/sans-titre-6-2-90x60.jpg 90w, http:\/\/bergeriedelasouleuvre.fr\/wp-content\/uploads\/2022\/02\/sans-titre-6-2-420x280.jpg 420w, http:\/\/bergeriedelasouleuvre.fr\/wp-content\/uploads\/2022\/02\/sans-titre-6-2-600x400.jpg 600w\" sizes=\"auto, (max-width: 1024px) 100vw, 1024px\" \/><\/figure>\n\n\n\n<p class=\"has-text-align-left\">Situ\u00e9e au coeur du bocage Virois \u00e0 12 km\u00a0de Vire et 50 km de Caen, la bergerie de la Souleuvre est une petite ferme\u00a0de 56 ha. Vous la trouverez en quittant le bourg de\u00a0<strong><a href=\"http:\/\/bergeriedelasouleuvre.fr\/index.php\/contact\/\">Souleuvre en Bocage<\/a><\/strong>\u00a0(Le B\u00e9ny-Bocage)\u00a0et en vous dirigeant vers la vall\u00e9e de la Souleuvre. Vous apercevrez alors s\u00fbrement les brebis p\u00e2turant sur les prairies jouxtant le bourg. Ses terres s&rsquo;\u00e9tendent dans une r\u00e9gion verdoyante et presque sauvage sur le bassin versant de la Souleuvre. La Souleuvre est une rivi\u00e8re qui s&rsquo;\u00e9coule\u00a0au milieu de collines, parfois escarp\u00e9es, et offre des magnifiques paysages de bocage \u00e0 ceux qui s&rsquo;y prom\u00e8nent. Accueillant des esp\u00e8ces prot\u00e9g\u00e9es telles que l&rsquo;\u00e9crevisse \u00e0 pattes blanches, le site naturel de la Vall\u00e9e de la Souleuvre est class\u00e9\u00a0en zone NATURA 2000. Une partie importante des terres de la ferme est situ\u00e9e au bord de la Souleuvre (\u00e0 cot\u00e9 d&rsquo;une station de pompage d&rsquo;eau potable, notamment)\u00a0. Elle est donc class\u00e9e en zone NATURA 2000\u00a0et respecte donc des pratiques agricoles particuli\u00e8res afin de pr\u00e9server ce site exceptionnel. La certification \u00e0 l<strong>&lsquo;agriculture biologique,<\/strong> obtenue en mars 2021, sonnait donc comme une \u00e9vidence et est le reflet de pratiques respectueuses de l&rsquo;environnement et du bien-\u00eatre des animaux de la Bergerie.<\/p>\n\n\n\n<section class=\"wp-block-uagb-columns uagb-columns__wrap uagb-columns__background-none uagb-columns__stack-mobile uagb-columns__valign- uagb-columns__gap-10 align uagb-block-84c0e5f3 uagb-columns__columns-4 uagb-columns__max_width-theme\"><div class=\"uagb-columns__overlay\"><\/div><div class=\"uagb-columns__inner-wrap uagb-columns__columns-4\">\n<div class=\"wp-block-uagb-column uagb-column__wrap uagb-column__background-undefined uagb-block-72e83d3d\"><div class=\"uagb-column__overlay\"><\/div>\n<figure class=\"wp-block-image size-large\"><img loading=\"lazy\" decoding=\"async\" width=\"870\" height=\"1024\" src=\"http:\/\/bergeriedelasouleuvre.fr\/wp-content\/uploads\/2023\/06\/4-Logo-UE-FEADER-couleur-1-870x1024.jpg\" alt=\"\" class=\"wp-image-4559\" srcset=\"http:\/\/bergeriedelasouleuvre.fr\/wp-content\/uploads\/2023\/06\/4-Logo-UE-FEADER-couleur-1-870x1024.jpg 870w, http:\/\/bergeriedelasouleuvre.fr\/wp-content\/uploads\/2023\/06\/4-Logo-UE-FEADER-couleur-1-255x300.jpg 255w, http:\/\/bergeriedelasouleuvre.fr\/wp-content\/uploads\/2023\/06\/4-Logo-UE-FEADER-couleur-1-768x904.jpg 768w, http:\/\/bergeriedelasouleuvre.fr\/wp-content\/uploads\/2023\/06\/4-Logo-UE-FEADER-couleur-1-51x60.jpg 51w, http:\/\/bergeriedelasouleuvre.fr\/wp-content\/uploads\/2023\/06\/4-Logo-UE-FEADER-couleur-1-600x706.jpg 600w, http:\/\/bergeriedelasouleuvre.fr\/wp-content\/uploads\/2023\/06\/4-Logo-UE-FEADER-couleur-1.jpg 1181w\" sizes=\"auto, (max-width: 870px) 100vw, 870px\" \/><\/figure>\n<\/div>\n\n\n\n<div class=\"wp-block-uagb-column uagb-column__wrap uagb-column__background-undefined uagb-block-b0190549\"><div class=\"uagb-column__overlay\"><\/div>\n<figure class=\"wp-block-image size-full\"><img loading=\"lazy\" decoding=\"async\" width=\"372\" height=\"273\" src=\"http:\/\/bergeriedelasouleuvre.fr\/wp-content\/uploads\/2023\/06\/logo_region_couleur_digital_polygone-1.png\" alt=\"\" class=\"wp-image-4560\" srcset=\"http:\/\/bergeriedelasouleuvre.fr\/wp-content\/uploads\/2023\/06\/logo_region_couleur_digital_polygone-1.png 372w, http:\/\/bergeriedelasouleuvre.fr\/wp-content\/uploads\/2023\/06\/logo_region_couleur_digital_polygone-1-300x220.png 300w, http:\/\/bergeriedelasouleuvre.fr\/wp-content\/uploads\/2023\/06\/logo_region_couleur_digital_polygone-1-82x60.png 82w\" sizes=\"auto, (max-width: 372px) 100vw, 372px\" \/><\/figure>\n<\/div>\n\n\n\n<div class=\"wp-block-uagb-column uagb-column__wrap uagb-column__background-undefined uagb-block-57aefeff\"><div class=\"uagb-column__overlay\"><\/div>\n<figure class=\"wp-block-image size-large is-resized\"><img loading=\"lazy\" decoding=\"async\" src=\"http:\/\/bergeriedelasouleuvre.fr\/wp-content\/uploads\/2023\/06\/logoAB-1024x458.png\" alt=\"\" class=\"wp-image-4561\" width=\"158\" height=\"70\" srcset=\"http:\/\/bergeriedelasouleuvre.fr\/wp-content\/uploads\/2023\/06\/logoAB-1024x458.png 1024w, http:\/\/bergeriedelasouleuvre.fr\/wp-content\/uploads\/2023\/06\/logoAB-300x134.png 300w, http:\/\/bergeriedelasouleuvre.fr\/wp-content\/uploads\/2023\/06\/logoAB-768x343.png 768w, http:\/\/bergeriedelasouleuvre.fr\/wp-content\/uploads\/2023\/06\/logoAB-1536x686.png 1536w, http:\/\/bergeriedelasouleuvre.fr\/wp-content\/uploads\/2023\/06\/logoAB-2048x915.png 2048w, http:\/\/bergeriedelasouleuvre.fr\/wp-content\/uploads\/2023\/06\/logoAB-134x60.png 134w, http:\/\/bergeriedelasouleuvre.fr\/wp-content\/uploads\/2023\/06\/logoAB-600x268.png 600w\" sizes=\"auto, (max-width: 158px) 100vw, 158px\" \/><\/figure>\n<\/div>\n\n\n\n<div class=\"wp-block-uagb-column uagb-column__wrap uagb-column__background-undefined uagb-block-54fa15bb\"><div class=\"uagb-column__overlay\"><\/div>\n<figure class=\"wp-block-image size-full\"><img loading=\"lazy\" decoding=\"async\" width=\"508\" height=\"512\" src=\"http:\/\/bergeriedelasouleuvre.fr\/wp-content\/uploads\/2023\/06\/unnamed.png\" alt=\"\" class=\"wp-image-4562\" srcset=\"http:\/\/bergeriedelasouleuvre.fr\/wp-content\/uploads\/2023\/06\/unnamed.png 508w, http:\/\/bergeriedelasouleuvre.fr\/wp-content\/uploads\/2023\/06\/unnamed-298x300.png 298w, http:\/\/bergeriedelasouleuvre.fr\/wp-content\/uploads\/2023\/06\/unnamed-150x150.png 150w, http:\/\/bergeriedelasouleuvre.fr\/wp-content\/uploads\/2023\/06\/unnamed-60x60.png 60w, http:\/\/bergeriedelasouleuvre.fr\/wp-content\/uploads\/2023\/06\/unnamed-100x100.png 100w\" sizes=\"auto, (max-width: 508px) 100vw, 508px\" \/><\/figure>\n<\/div>\n<\/div><\/section>\n","protected":false},"excerpt":{"rendered":"<p>Situ\u00e9e au coeur du bocage Virois \u00e0 12 km\u00a0de Vire et 50 km de Caen, la bergerie de la Souleuvre est une petite ferme\u00a0de 56 &hellip; <\/p>\n","protected":false},"author":1,"featured_media":0,"parent":0,"menu_order":0,"comment_status":"closed","ping_status":"closed","template":"","meta":{"om_disable_all_campaigns":false,"_uag_custom_page_level_css":"","_monsterinsights_skip_tracking":false,"_monsterinsights_sitenote_active":false,"_monsterinsights_sitenote_note":"","_monsterinsights_sitenote_category":0,"footnotes":""},"class_list":["post-3610","page","type-page","status-publish","hentry","latest_post"],"yoast_head":"<!-- This site is optimized with the Yoast SEO plugin v27.5 - https:\/\/yoast.com\/product\/yoast-seo-wordpress\/ -->\n<title>Bienvenue \u00e0 la Bergerie de la Souleuvre - Bergerie de la Souleuvre<\/title>\n<meta name=\"robots\" content=\"index, follow, max-snippet:-1, max-image-preview:large, max-video-preview:-1\" \/>\n<link rel=\"canonical\" href=\"http:\/\/bergeriedelasouleuvre.fr\/\" \/>\n<meta property=\"og:locale\" content=\"fr_FR\" \/>\n<meta property=\"og:type\" content=\"article\" \/>\n<meta property=\"og:title\" content=\"Bienvenue \u00e0 la Bergerie de la Souleuvre - Bergerie de la Souleuvre\" \/>\n<meta property=\"og:description\" content=\"Situ\u00e9e au coeur du bocage Virois \u00e0 12 km\u00a0de Vire et 50 km de Caen, la bergerie de la Souleuvre est une petite ferme\u00a0de 56 &hellip;\" \/>\n<meta property=\"og:url\" content=\"http:\/\/bergeriedelasouleuvre.fr\/\" \/>\n<meta property=\"og:site_name\" content=\"Bergerie de la Souleuvre\" \/>\n<meta property=\"article:modified_time\" content=\"2023-06-25T08:43:55+00:00\" \/>\n<meta property=\"og:image\" content=\"http:\/\/bergeriedelasouleuvre.fr\/wp-content\/uploads\/2022\/02\/sans-titre-6-2-1024x683.jpg\" \/>\n<meta name=\"twitter:card\" content=\"summary_large_image\" \/>\n<meta name=\"twitter:label1\" content=\"Dur\u00e9e de lecture estim\u00e9e\" \/>\n\t<meta name=\"twitter:data1\" content=\"3 minutes\" \/>\n<script type=\"application\/ld+json\" class=\"yoast-schema-graph\">{\"@context\":\"https:\\\/\\\/schema.org\",\"@graph\":[{\"@type\":\"WebPage\",\"@id\":\"http:\\\/\\\/bergeriedelasouleuvre.fr\\\/\",\"url\":\"http:\\\/\\\/bergeriedelasouleuvre.fr\\\/\",\"name\":\"Bienvenue \u00e0 la Bergerie de la Souleuvre - Bergerie de la Souleuvre\",\"isPartOf\":{\"@id\":\"http:\\\/\\\/bergeriedelasouleuvre.fr\\\/#website\"},\"primaryImageOfPage\":{\"@id\":\"http:\\\/\\\/bergeriedelasouleuvre.fr\\\/#primaryimage\"},\"image\":{\"@id\":\"http:\\\/\\\/bergeriedelasouleuvre.fr\\\/#primaryimage\"},\"thumbnailUrl\":\"http:\\\/\\\/bergeriedelasouleuvre.fr\\\/wp-content\\\/uploads\\\/2022\\\/02\\\/sans-titre-6-2-1024x683.jpg\",\"datePublished\":\"2020-09-09T04:31:26+00:00\",\"dateModified\":\"2023-06-25T08:43:55+00:00\",\"breadcrumb\":{\"@id\":\"http:\\\/\\\/bergeriedelasouleuvre.fr\\\/#breadcrumb\"},\"inLanguage\":\"fr-FR\",\"potentialAction\":[{\"@type\":\"ReadAction\",\"target\":[\"http:\\\/\\\/bergeriedelasouleuvre.fr\\\/\"]}]},{\"@type\":\"ImageObject\",\"inLanguage\":\"fr-FR\",\"@id\":\"http:\\\/\\\/bergeriedelasouleuvre.fr\\\/#primaryimage\",\"url\":\"http:\\\/\\\/bergeriedelasouleuvre.fr\\\/wp-content\\\/uploads\\\/2022\\\/02\\\/sans-titre-6-2-1024x683.jpg\",\"contentUrl\":\"http:\\\/\\\/bergeriedelasouleuvre.fr\\\/wp-content\\\/uploads\\\/2022\\\/02\\\/sans-titre-6-2-1024x683.jpg\"},{\"@type\":\"BreadcrumbList\",\"@id\":\"http:\\\/\\\/bergeriedelasouleuvre.fr\\\/#breadcrumb\",\"itemListElement\":[{\"@type\":\"ListItem\",\"position\":1,\"name\":\"Accueil\",\"item\":\"http:\\\/\\\/bergeriedelasouleuvre.fr\\\/\"},{\"@type\":\"ListItem\",\"position\":2,\"name\":\"Bienvenue \u00e0 la Bergerie de la Souleuvre\"}]},{\"@type\":\"WebSite\",\"@id\":\"http:\\\/\\\/bergeriedelasouleuvre.fr\\\/#website\",\"url\":\"http:\\\/\\\/bergeriedelasouleuvre.fr\\\/\",\"name\":\"Bergerie de la Souleuvre\",\"description\":\"Produits fermiers au lait de brebis\",\"publisher\":{\"@id\":\"http:\\\/\\\/bergeriedelasouleuvre.fr\\\/#organization\"},\"potentialAction\":[{\"@type\":\"SearchAction\",\"target\":{\"@type\":\"EntryPoint\",\"urlTemplate\":\"http:\\\/\\\/bergeriedelasouleuvre.fr\\\/?s={search_term_string}\"},\"query-input\":{\"@type\":\"PropertyValueSpecification\",\"valueRequired\":true,\"valueName\":\"search_term_string\"}}],\"inLanguage\":\"fr-FR\"},{\"@type\":\"Organization\",\"@id\":\"http:\\\/\\\/bergeriedelasouleuvre.fr\\\/#organization\",\"name\":\"Bergerie de la Souleuvre\",\"url\":\"http:\\\/\\\/bergeriedelasouleuvre.fr\\\/\",\"logo\":{\"@type\":\"ImageObject\",\"inLanguage\":\"fr-FR\",\"@id\":\"http:\\\/\\\/bergeriedelasouleuvre.fr\\\/#\\\/schema\\\/logo\\\/image\\\/\",\"url\":\"http:\\\/\\\/bergeriedelasouleuvre.fr\\\/wp-content\\\/uploads\\\/2022\\\/02\\\/cropped-cropped-logoPNG.png\",\"contentUrl\":\"http:\\\/\\\/bergeriedelasouleuvre.fr\\\/wp-content\\\/uploads\\\/2022\\\/02\\\/cropped-cropped-logoPNG.png\",\"width\":512,\"height\":512,\"caption\":\"Bergerie de la Souleuvre\"},\"image\":{\"@id\":\"http:\\\/\\\/bergeriedelasouleuvre.fr\\\/#\\\/schema\\\/logo\\\/image\\\/\"}}]}<\/script>\n<!-- \/ Yoast SEO plugin. -->","yoast_head_json":{"title":"Bienvenue \u00e0 la Bergerie de la Souleuvre - Bergerie de la Souleuvre","robots":{"index":"index","follow":"follow","max-snippet":"max-snippet:-1","max-image-preview":"max-image-preview:large","max-video-preview":"max-video-preview:-1"},"canonical":"http:\/\/bergeriedelasouleuvre.fr\/","og_locale":"fr_FR","og_type":"article","og_title":"Bienvenue \u00e0 la Bergerie de la Souleuvre - Bergerie de la Souleuvre","og_description":"Situ\u00e9e au coeur du bocage Virois \u00e0 12 km\u00a0de Vire et 50 km de Caen, la bergerie de la Souleuvre est une petite ferme\u00a0de 56 &hellip;","og_url":"http:\/\/bergeriedelasouleuvre.fr\/","og_site_name":"Bergerie de la Souleuvre","article_modified_time":"2023-06-25T08:43:55+00:00","og_image":[{"url":"http:\/\/bergeriedelasouleuvre.fr\/wp-content\/uploads\/2022\/02\/sans-titre-6-2-1024x683.jpg","type":"","width":"","height":""}],"twitter_card":"summary_large_image","twitter_misc":{"Dur\u00e9e de lecture estim\u00e9e":"3 minutes"},"schema":{"@context":"https:\/\/schema.org","@graph":[{"@type":"WebPage","@id":"http:\/\/bergeriedelasouleuvre.fr\/","url":"http:\/\/bergeriedelasouleuvre.fr\/","name":"Bienvenue \u00e0 la Bergerie de la Souleuvre - Bergerie de la Souleuvre","isPartOf":{"@id":"http:\/\/bergeriedelasouleuvre.fr\/#website"},"primaryImageOfPage":{"@id":"http:\/\/bergeriedelasouleuvre.fr\/#primaryimage"},"image":{"@id":"http:\/\/bergeriedelasouleuvre.fr\/#primaryimage"},"thumbnailUrl":"http:\/\/bergeriedelasouleuvre.fr\/wp-content\/uploads\/2022\/02\/sans-titre-6-2-1024x683.jpg","datePublished":"2020-09-09T04:31:26+00:00","dateModified":"2023-06-25T08:43:55+00:00","breadcrumb":{"@id":"http:\/\/bergeriedelasouleuvre.fr\/#breadcrumb"},"inLanguage":"fr-FR","potentialAction":[{"@type":"ReadAction","target":["http:\/\/bergeriedelasouleuvre.fr\/"]}]},{"@type":"ImageObject","inLanguage":"fr-FR","@id":"http:\/\/bergeriedelasouleuvre.fr\/#primaryimage","url":"http:\/\/bergeriedelasouleuvre.fr\/wp-content\/uploads\/2022\/02\/sans-titre-6-2-1024x683.jpg","contentUrl":"http:\/\/bergeriedelasouleuvre.fr\/wp-content\/uploads\/2022\/02\/sans-titre-6-2-1024x683.jpg"},{"@type":"BreadcrumbList","@id":"http:\/\/bergeriedelasouleuvre.fr\/#breadcrumb","itemListElement":[{"@type":"ListItem","position":1,"name":"Accueil","item":"http:\/\/bergeriedelasouleuvre.fr\/"},{"@type":"ListItem","position":2,"name":"Bienvenue \u00e0 la Bergerie de la Souleuvre"}]},{"@type":"WebSite","@id":"http:\/\/bergeriedelasouleuvre.fr\/#website","url":"http:\/\/bergeriedelasouleuvre.fr\/","name":"Bergerie de la Souleuvre","description":"Produits fermiers au lait de brebis","publisher":{"@id":"http:\/\/bergeriedelasouleuvre.fr\/#organization"},"potentialAction":[{"@type":"SearchAction","target":{"@type":"EntryPoint","urlTemplate":"http:\/\/bergeriedelasouleuvre.fr\/?s={search_term_string}"},"query-input":{"@type":"PropertyValueSpecification","valueRequired":true,"valueName":"search_term_string"}}],"inLanguage":"fr-FR"},{"@type":"Organization","@id":"http:\/\/bergeriedelasouleuvre.fr\/#organization","name":"Bergerie de la Souleuvre","url":"http:\/\/bergeriedelasouleuvre.fr\/","logo":{"@type":"ImageObject","inLanguage":"fr-FR","@id":"http:\/\/bergeriedelasouleuvre.fr\/#\/schema\/logo\/image\/","url":"http:\/\/bergeriedelasouleuvre.fr\/wp-content\/uploads\/2022\/02\/cropped-cropped-logoPNG.png","contentUrl":"http:\/\/bergeriedelasouleuvre.fr\/wp-content\/uploads\/2022\/02\/cropped-cropped-logoPNG.png","width":512,"height":512,"caption":"Bergerie de la Souleuvre"},"image":{"@id":"http:\/\/bergeriedelasouleuvre.fr\/#\/schema\/logo\/image\/"}}]}},"uagb_featured_image_src":{"full":false,"thumbnail":false,"medium":false,"medium_large":false,"large":false,"1536x1536":false,"2048x2048":false,"chic-lite-schema":false,"chic-lite-slider":false,"chic-lite-slider-one":false,"chic-lite-featured-four":false,"chic-lite-blog":false,"chic-lite-latest":false,"chic-lite-blog-one":false,"chic-lite-sidebar":false,"woocommerce_thumbnail":false,"woocommerce_single":false,"woocommerce_gallery_thumbnail":false},"uagb_author_info":{"display_name":"bergeriedelasouleuvre@gmail.com","author_link":"http:\/\/bergeriedelasouleuvre.fr\/index.php\/author\/bergeriedelasouleuvregmail-com\/"},"uagb_comment_info":0,"uagb_excerpt":"Situ\u00e9e au coeur du bocage Virois \u00e0 12 km\u00a0de Vire et 50 km de Caen, la bergerie de la Souleuvre est une petite ferme\u00a0de 56 &hellip;","_links":{"self":[{"href":"http:\/\/bergeriedelasouleuvre.fr\/index.php\/wp-json\/wp\/v2\/pages\/3610","targetHints":{"allow":["GET"]}}],"collection":[{"href":"http:\/\/bergeriedelasouleuvre.fr\/index.php\/wp-json\/wp\/v2\/pages"}],"about":[{"href":"http:\/\/bergeriedelasouleuvre.fr\/index.php\/wp-json\/wp\/v2\/types\/page"}],"author":[{"embeddable":true,"href":"http:\/\/bergeriedelasouleuvre.fr\/index.php\/wp-json\/wp\/v2\/users\/1"}],"replies":[{"embeddable":true,"href":"http:\/\/bergeriedelasouleuvre.fr\/index.php\/wp-json\/wp\/v2\/comments?post=3610"}],"version-history":[{"count":14,"href":"http:\/\/bergeriedelasouleuvre.fr\/index.php\/wp-json\/wp\/v2\/pages\/3610\/revisions"}],"predecessor-version":[{"id":4565,"href":"http:\/\/bergeriedelasouleuvre.fr\/index.php\/wp-json\/wp\/v2\/pages\/3610\/revisions\/4565"}],"wp:attachment":[{"href":"http:\/\/bergeriedelasouleuvre.fr\/index.php\/wp-json\/wp\/v2\/media?parent=3610"}],"curies":[{"name":"wp","href":"https:\/\/api.w.org\/{rel}","templated":true}]}}